{"id":3551,"date":"2024-03-21T19:19:41","date_gmt":"2024-03-21T18:19:41","guid":{"rendered":"https:\/\/archers-haguenau.fr\/?page_id=3551"},"modified":"2024-04-08T17:57:43","modified_gmt":"2024-04-08T15:57:43","slug":"le-blason-mars-2024","status":"publish","type":"page","link":"https:\/\/archers-haguenau.fr\/index.php\/le-blason-mars-2024\/","title":{"rendered":"Le Blason &#8211; Avril 2024"},"content":{"rendered":"<div class=\"wp-block-columns is-stacked-on-mobile is-layout-flex wp-container-core-columns-is-layout-28f84493 wp-block-columns-is-layout-flex\" data-columns=\"3\">\n<div class=\"wp-block-column is-layout-flow wp-block-column-is-layout-flow\" style=\"flex-basis:23%\">\n<div style=\"height:10px\" aria-hidden=\"true\" class=\"wp-block-spacer\"><\/div>\n\n\n\n<figure class=\"wp-block-image aligncenter size-large is-resized\"><img loading=\"lazy\" decoding=\"async\" width=\"1024\" height=\"596\" src=\"https:\/\/archers-haguenau.fr\/wp-content\/uploads\/2023\/03\/LOGO_final-1-1024x596.png\" alt=\"\" class=\"wp-image-8\" style=\"width:146px;height:auto\" srcset=\"https:\/\/archers-haguenau.fr\/wp-content\/uploads\/2023\/03\/LOGO_final-1-1024x596.png 1024w, https:\/\/archers-haguenau.fr\/wp-content\/uploads\/2023\/03\/LOGO_final-1-300x175.png 300w, https:\/\/archers-haguenau.fr\/wp-content\/uploads\/2023\/03\/LOGO_final-1-768x447.png 768w, https:\/\/archers-haguenau.fr\/wp-content\/uploads\/2023\/03\/LOGO_final-1-1536x894.png 1536w, https:\/\/archers-haguenau.fr\/wp-content\/uploads\/2023\/03\/LOGO_final-1-2048x1192.png 2048w\" sizes=\"auto, (max-width: 1024px) 100vw, 1024px\" \/><\/figure>\n\n\n\n<div style=\"height:0px\" aria-hidden=\"true\" class=\"wp-block-spacer\"><\/div>\n\n\n\n<h3 class=\"wp-block-heading\">Nota bene<\/h3>\n\n\n\n<p><em>Consultez le site des archers pour les infos ! Comme par exemple la disponibilit&eacute; de la salle, le planning de la rentr&eacute;e et vos participations aux entra&icirc;nements.<\/em><\/p>\n\n\n\n<h3 class=\"wp-block-heading\">Agenda 2024<\/h3>\n\n\n\n<p>06\/04 &#8211; Nettoyage de printemps<\/p>\n\n\n\n<p>Date &agrave; d&eacute;finir &#8211; Tir du Lapin de P&acirc;ques <\/p>\n\n\n\n<p>Date &agrave; d&eacute;finir &#8211; Tir du Roy<\/p>\n\n\n\n<div style=\"height:40px\" aria-hidden=\"true\" class=\"wp-block-spacer\"><\/div>\n\n\n\n<p class=\"has-small-font-size\">Directeur de la publication : S&eacute;bastien ROSER<\/p>\n\n\n\n<p class=\"has-small-font-size\">Textes et conception : Alain PIERREJEAN<\/p>\n\n\n\n<p class=\"has-small-font-size\">Photos : Nelly FENART, S&eacute;bastien ROSER, Marie Harres<\/p>\n<\/div>\n\n\n\n<div class=\"wp-block-column is-layout-flow wp-block-column-is-layout-flow\" style=\"flex-basis:2%\"><\/div>\n\n\n\n<div class=\"wp-block-column is-layout-flow wp-block-column-is-layout-flow\" style=\"flex-basis:70%\">\n<h2 class=\"wp-block-heading has-text-align-left\">\n<strong>Avril<\/strong> <strong>2024<\/strong>\n<\/h2>\n\n\n\n<h3 class=\"wp-block-heading\">Le mot du pr&eacute;sident<\/h3>\n\n\n\n<p>Cela fait maintenant plusieurs mois que nous nous entra&icirc;nons dans la salle B de la Maison des Sports. Bien que cette salle soit plus petite que le petit man&egrave;ge, elle nous permet de nous entra&icirc;ner au chaud. Avec le comit&eacute;, nous continuons de travailler avec la ville de Haguenau pour trouver une nouvelle salle, et nous explorons actuellement une nouvelle piste.<\/p>\n\n\n\n<p>D&rsquo;ici quelques semaines, nous allons retrouver notre terrain ext&eacute;rieur &agrave; plein temps. Afin de permettre au maximum de personnes de tirer sur le pas de tir principal, deux cibles mobiles sont en cours de fabrication. L&rsquo;utilisation de ces deux cibles sera possible pour les personnes habilit&eacute;es &agrave; les d&eacute;placer.<\/p>\n\n\n\n<p>Pour la rentr&eacute;e 2024\/2025, le club a toujours besoin d&rsquo;entra&icirc;neurs dipl&ocirc;m&eacute;s. Le CRTA propose une formation initiale, dont le contenu est visible sur cette page : <a href=\"https:\/\/tiralarc-grand-est.fr\/formations\/formation-initiale-encadrant-federal\/\">https:\/\/tiralarc-grand-est.fr\/formations\/formation-initiale-encadrant-federal\/<\/a>. Le comit&eacute; se tient &agrave; votre disposition si vous &ecirc;tes int&eacute;ress&eacute;.<\/p>\n\n\n\n<p>Suite &agrave; l&rsquo;assembl&eacute;e g&eacute;n&eacute;rale du 15 Mars, voici le comit&eacute; qui n&rsquo;a pas chang&eacute;. Pour rappel voici les r&ocirc;les et responsabilit&eacute;: <\/p>\n\n\n\n<div style=\"height:11px\" aria-hidden=\"true\" class=\"wp-block-spacer\"><\/div>\n\n\n<figure class=\"wp-block-table\"><table class=\"wp-block-table__table table-borderless has-fixed-layout\">\n<thead><tr>\n<th class=\"has-text-align-center\" data-align=\"center\">Pr&eacute;sident<\/th>\n<th class=\"has-text-align-center\" data-align=\"center\">Secr&eacute;taire<\/th>\n<th class=\"has-text-align-center\" data-align=\"center\">Tr&eacute;sorier<\/th>\n<th class=\"has-text-align-center\" data-align=\"center\">Responsable Travaux<\/th>\n<\/tr><\/thead>\n<tbody><tr>\n<td class=\"has-text-align-center\" data-align=\"center\">S&eacute;bastien ROSER<\/td>\n<td class=\"has-text-align-center\" data-align=\"center\">Nelly FENART<\/td>\n<td class=\"has-text-align-center\" data-align=\"center\">Arnaud WINTER<\/td>\n<td class=\"has-text-align-center\" data-align=\"center\">Jean-Luc CASPAR<\/td>\n<\/tr><\/tbody>\n<\/table><\/figure>\n\n\n\n<h3 class=\"wp-block-heading\">Un petit tour du club en chiffres<\/h3>\n\n\n<div class=\"wp-block-columns is-stacked-on-mobile is-layout-flex wp-container-core-columns-is-layout-28f84493 wp-block-columns-is-layout-flex\" data-columns=\"2\">\n<div class=\"wp-block-column is-layout-flow wp-block-column-is-layout-flow\">\n<figure class=\"wp-block-image size-full\"><img loading=\"lazy\" decoding=\"async\" width=\"587\" height=\"552\" src=\"https:\/\/archers-haguenau.fr\/wp-content\/uploads\/2024\/03\/Licences-2024-2.png\" alt=\"\" class=\"wp-image-3566\" srcset=\"https:\/\/archers-haguenau.fr\/wp-content\/uploads\/2024\/03\/Licences-2024-2.png 587w, https:\/\/archers-haguenau.fr\/wp-content\/uploads\/2024\/03\/Licences-2024-2-300x282.png 300w\" sizes=\"auto, (max-width: 587px) 100vw, 587px\" \/><\/figure>\n<\/div>\n\n\n\n<div class=\"wp-block-column is-layout-flow wp-block-column-is-layout-flow\">\n<p>Les jeunes, qui rappelons le, sont l&rsquo;ADN du club repr&eacute;sentent 35 % des effectifs<\/p>\n\n\n\n<p>Le club connait une belle progression avec 17 nouveaux licenci&eacute;s pour cette nouvelle saison.<\/p>\n\n\n\n<figure class=\"wp-block-image aligncenter size-full\"><img loading=\"lazy\" decoding=\"async\" width=\"294\" height=\"181\" src=\"https:\/\/archers-haguenau.fr\/wp-content\/uploads\/2024\/03\/Evolution-licence-2024-2.png\" alt=\"\" class=\"wp-image-3568\"><\/figure>\n<\/div>\n<\/div>\n<\/div>\n<\/div>\n\n\n\n<hr class=\"wp-block-separator is-style-faded\"\/>\n\n\n\n<h3 class=\"wp-block-heading\"><strong>T\u00e9l\u00e9thon<\/strong><\/h3>\n\n\n\n<p>Samedi 18 novembre, l\u2019association Ligne de Vie, pr\u00e9sid\u00e9e par Fabien Mosser, organisait une course-marche de 5 km au d\u00e9part de Kutzenhausen en faveur du T\u00e9l\u00e9thon. Le club des AH \u00e9tait repr\u00e9sent\u00e9 par Jean-Christophe, aid\u00e9 par Nelly et B\u00e9atrice. Un stand de tir \u00e0 l\u2019arc \u00e9tait install\u00e9 \u00e0 l\u2019initiative de Jean-Christophe, qui s\u2019est occup\u00e9 de tout lors de cette journ\u00e9e, soit de 10h \u00e0 15h environ.<\/p>\n\n\n<div class=\"wp-block-columns is-stacked-on-mobile is-layout-flex wp-container-core-columns-is-layout-28f84493 wp-block-columns-is-layout-flex\" data-columns=\"3\">\n<div class=\"wp-block-column is-layout-flow wp-block-column-is-layout-flow\" style=\"flex-basis:33.34%\">\n<figure class=\"wp-block-image aligncenter size-full is-resized\"><img loading=\"lazy\" decoding=\"async\" width=\"907\" height=\"500\" src=\"https:\/\/archers-haguenau.fr\/wp-content\/uploads\/2024\/03\/telethon-2023-1.png\" alt=\"\" class=\"wp-image-3557\" style=\"width:auto;height:200px\" srcset=\"https:\/\/archers-haguenau.fr\/wp-content\/uploads\/2024\/03\/telethon-2023-1.png 907w, https:\/\/archers-haguenau.fr\/wp-content\/uploads\/2024\/03\/telethon-2023-1-300x165.png 300w, https:\/\/archers-haguenau.fr\/wp-content\/uploads\/2024\/03\/telethon-2023-1-768x423.png 768w\" sizes=\"auto, (max-width: 907px) 100vw, 907px\" \/><\/figure>\n<\/div>\n\n\n\n<div class=\"wp-block-column is-layout-flow wp-block-column-is-layout-flow\" style=\"flex-basis:33.34%\">\n<figure class=\"wp-block-image aligncenter size-full is-resized\"><img loading=\"lazy\" decoding=\"async\" width=\"375\" height=\"500\" src=\"https:\/\/archers-haguenau.fr\/wp-content\/uploads\/2024\/03\/telethon-2023-4.jpg\" alt=\"\" class=\"wp-image-3558\" style=\"width:auto;height:200px\" srcset=\"https:\/\/archers-haguenau.fr\/wp-content\/uploads\/2024\/03\/telethon-2023-4.jpg 375w, https:\/\/archers-haguenau.fr\/wp-content\/uploads\/2024\/03\/telethon-2023-4-225x300.jpg 225w\" sizes=\"auto, (max-width: 375px) 100vw, 375px\" \/><\/figure>\n<\/div>\n\n\n\n<div class=\"wp-block-column is-layout-flow wp-block-column-is-layout-flow\" style=\"flex-basis:33.33%\">\n<figure class=\"wp-block-image aligncenter size-large is-resized\"><img loading=\"lazy\" decoding=\"async\" width=\"1024\" height=\"484\" src=\"https:\/\/archers-haguenau.fr\/wp-content\/uploads\/2024\/03\/telethon-2023-2-1024x484.jpg\" alt=\"\" class=\"wp-image-3559\" style=\"width:auto;height:200px\" srcset=\"https:\/\/archers-haguenau.fr\/wp-content\/uploads\/2024\/03\/telethon-2023-2-1024x484.jpg 1024w, https:\/\/archers-haguenau.fr\/wp-content\/uploads\/2024\/03\/telethon-2023-2-300x142.jpg 300w, https:\/\/archers-haguenau.fr\/wp-content\/uploads\/2024\/03\/telethon-2023-2-768x363.jpg 768w, https:\/\/archers-haguenau.fr\/wp-content\/uploads\/2024\/03\/telethon-2023-2.jpg 1057w\" sizes=\"auto, (max-width: 1024px) 100vw, 1024px\" \/><\/figure>\n<\/div>\n<\/div>\n\n\n\n<p><span style=\"caret-color: rgb(13, 13, 13); color: rgb(13, 13, 13); font-family: S\u00f6hne, ui-sans-serif, system-ui, -apple-system, &quot;Segoe UI&quot;, Roboto, Ubuntu, Cantarell, &quot;Noto Sans&quot;, sans-serif, &quot;Helvetica Neue&quot;, Arial, &quot;Apple Color Emoji&quot;, &quot;Segoe UI Emoji&quot;, &quot;Segoe UI Symbol&quot;, &quot;Noto Color Emoji&quot;;\">Pour ce cr\u00e9neau horaire imparti au club, une cinquantaine de personnes ont visit\u00e9 et essay\u00e9 le tir \u00e0 l\u2019arc.<\/span><\/p>\n\n\n\n<hr class=\"wp-block-separator is-style-faded\"\/>\n\n\n<div class=\"wp-block-columns is-stacked-on-mobile is-layout-flex wp-container-core-columns-is-layout-28f84493 wp-block-columns-is-layout-flex\" data-columns=\"2\">\n<div class=\"wp-block-column is-layout-flow wp-block-column-is-layout-flow\" style=\"flex-basis:33.33%\">\n<figure class=\"wp-block-image aligncenter size-full is-resized\"><img loading=\"lazy\" decoding=\"async\" width=\"465\" height=\"650\" src=\"https:\/\/archers-haguenau.fr\/wp-content\/uploads\/2024\/03\/Flyer-ceremonie-champion-2024.png\" alt=\"\" class=\"wp-image-3553\" style=\"width:132px;height:auto\" srcset=\"https:\/\/archers-haguenau.fr\/wp-content\/uploads\/2024\/03\/Flyer-ceremonie-champion-2024.png 465w, https:\/\/archers-haguenau.fr\/wp-content\/uploads\/2024\/03\/Flyer-ceremonie-champion-2024-215x300.png 215w\" sizes=\"auto, (max-width: 465px) 100vw, 465px\" \/><\/figure>\n<\/div>\n\n\n\n<div class=\"wp-block-column is-vertically-aligned-center is-layout-flow wp-block-column-is-layout-flow\" style=\"flex-basis:66.66%\">\n<p>Le dimanche 14 janvier avait lieu la c&eacute;r&eacute;monie des champions &agrave; l&rsquo;espace sportif S&eacute;bastien Loeb &agrave; 17h.<\/p>\n\n\n\n<p class=\"has-text-align-left\">Etaient concern&eacute;s par cette c&eacute;r&eacute;monie Laurent MEYER, Jean-Luc CASPAR, Nelly et Thibaut FENART et Mila et Noah ROSER, pour leurs diff&eacute;rents titres remport&eacute;s sur la saison &eacute;coul&eacute;e.<\/p>\n<\/div>\n<\/div>\n\n\n\n<hr class=\"wp-block-separator is-style-faded\"\/>\n\n\n\n<h3 class=\"wp-block-heading\"><strong>D&rsquo;un championnat \u00e0 l&rsquo;autre<\/strong><\/h3>\n\n\n<div class=\"wp-block-columns is-stacked-on-mobile is-layout-flex wp-container-core-columns-is-layout-daa3eec9 wp-block-columns-is-layout-flex css-2\"  data-columns=\"2\">\n<div class=\"wp-block-column is-layout-flow wp-block-column-is-layout-flow css-1\">\n<h4 class=\"wp-block-heading\">Championnat D&eacute;partemental Salle<\/h4>\n\n\n\n<p>Les Compagnons d&rsquo;Arc de Lingolsheim organisaient le championnat d&eacute;partemental. Cinquante archers se sont inscrits pour cette &eacute;preuve, parmi eux onze archers du club.<\/p>\n\n\n\n<p>&Agrave; l&rsquo;issue de ce concours, sept archers de Haguenau se classaient premiers dans leurs cat&eacute;gories.<\/p>\n\n\n\n<figure class=\"wp-block-image aligncenter size-full is-resized\"><img loading=\"lazy\" decoding=\"async\" width=\"563\" height=\"238\" src=\"https:\/\/archers-haguenau.fr\/wp-content\/uploads\/2024\/03\/Classement-Lingo-CD2024.png\" alt=\"\" class=\"wp-image-3554\" style=\"width:435px;height:auto\" srcset=\"https:\/\/archers-haguenau.fr\/wp-content\/uploads\/2024\/03\/Classement-Lingo-CD2024.png 563w, https:\/\/archers-haguenau.fr\/wp-content\/uploads\/2024\/03\/Classement-Lingo-CD2024-300x127.png 300w\" sizes=\"auto, (max-width: 563px) 100vw, 563px\" \/><\/figure>\n<\/div>\n\n\n\n<div class=\"wp-block-column is-layout-flow wp-block-column-is-layout-flow\">\n<h4 class=\"wp-block-heading\">Championnat R&eacute;gional Salle<\/h4>\n\n\n\n<p>La compagnie des archers du Bollwerk de Mulhouse organisait le championnat r&eacute;gional jeunes le samedi 3 f&eacute;vrier. Sur les 5 archers ayant pr&eacute;par&eacute; ce concours, seule Mila remportait le titre convoit&eacute;.<\/p>\n\n\n\n<figure class=\"wp-block-image aligncenter size-full is-resized\"><img loading=\"lazy\" decoding=\"async\" width=\"535\" height=\"55\" src=\"https:\/\/archers-haguenau.fr\/wp-content\/uploads\/2024\/03\/Classement-Mulhouse-CR2024.png\" alt=\"\" class=\"wp-image-3555\" style=\"width:438px;height:auto\" srcset=\"https:\/\/archers-haguenau.fr\/wp-content\/uploads\/2024\/03\/Classement-Mulhouse-CR2024.png 535w, https:\/\/archers-haguenau.fr\/wp-content\/uploads\/2024\/03\/Classement-Mulhouse-CR2024-300x31.png 300w\" sizes=\"auto, (max-width: 535px) 100vw, 535px\" \/><\/figure>\n\n\n\n<figure class=\"wp-block-image aligncenter size-full is-resized\"><img loading=\"lazy\" decoding=\"async\" width=\"375\" height=\"500\" src=\"https:\/\/archers-haguenau.fr\/wp-content\/uploads\/2024\/03\/IMG_0245-red.jpg\" alt=\"\" class=\"wp-image-3578\" style=\"width:142px;height:auto\" srcset=\"https:\/\/archers-haguenau.fr\/wp-content\/uploads\/2024\/03\/IMG_0245-red.jpg 375w, https:\/\/archers-haguenau.fr\/wp-content\/uploads\/2024\/03\/IMG_0245-red-225x300.jpg 225w\" sizes=\"auto, (max-width: 375px) 100vw, 375px\" \/><\/figure>\n<\/div>\n<\/div>\n\n\n\n<h4 class=\"wp-block-heading\">Championnat de France Salle<\/h4>\n\n\n<div class=\"wp-block-columns is-stacked-on-mobile is-layout-flex wp-container-core-columns-is-layout-28f84493 wp-block-columns-is-layout-flex\" data-columns=\"3\">\n<div class=\"wp-block-column is-layout-flow wp-block-column-is-layout-flow\" style=\"flex-basis:15%\">\n<figure class=\"wp-block-image aligncenter size-large is-resized\"><img loading=\"lazy\" decoding=\"async\" width=\"729\" height=\"1024\" src=\"https:\/\/archers-haguenau.fr\/wp-content\/uploads\/2024\/03\/Affiche-Championnat-France-729x1024.png\" alt=\"\" class=\"wp-image-3560\" style=\"width:194px;height:auto\" srcset=\"https:\/\/archers-haguenau.fr\/wp-content\/uploads\/2024\/03\/Affiche-Championnat-France-729x1024.png 729w, https:\/\/archers-haguenau.fr\/wp-content\/uploads\/2024\/03\/Affiche-Championnat-France-214x300.png 214w, https:\/\/archers-haguenau.fr\/wp-content\/uploads\/2024\/03\/Affiche-Championnat-France-768x1078.png 768w, https:\/\/archers-haguenau.fr\/wp-content\/uploads\/2024\/03\/Affiche-Championnat-France-1094x1536.png 1094w, https:\/\/archers-haguenau.fr\/wp-content\/uploads\/2024\/03\/Affiche-Championnat-France-769x1080.png 769w, https:\/\/archers-haguenau.fr\/wp-content\/uploads\/2024\/03\/Affiche-Championnat-France.png 1175w\" sizes=\"auto, (max-width: 729px) 100vw, 729px\" \/><\/figure>\n<\/div>\n\n\n\n<div class=\"wp-block-column is-layout-flow wp-block-column-is-layout-flow\" style=\"flex-basis:70%\">\n<p>Ce championnat&nbsp;&nbsp;de France, s&rsquo;est d&eacute;roul&eacute; du 10 au 13 mars au alpexpo de Grenoble et organis&eacute; par&nbsp;la&nbsp;<strong>Premi&egrave;re Compagnie d&rsquo;Arc du Dauphin&eacute;<\/strong>, cet &eacute;v&eacute;nement a rassembl&eacute;&nbsp;<strong>393 archers<\/strong>&nbsp;au&nbsp;<strong>Parc des Expositions<\/strong>&nbsp;de la ville. Les jeunes comp&eacute;titeurs, &acirc;g&eacute;s de&nbsp;<strong>11 &agrave; 21 ans<\/strong>, ont particip&eacute; dans les cat&eacute;gories&nbsp;<strong>U13, U15, U18 et U21<\/strong>.<\/p>\n\n\n\n<p>S&eacute;lectionn&eacute; &agrave; la 43&deg; place Noah Roser&nbsp;&nbsp;a particip&eacute; dans la cat&eacute;gorie&nbsp;<strong>U18<\/strong>&nbsp;et termine &agrave; la&nbsp;<strong>34<\/strong>&nbsp;&deg; place avec un score de 533 points.<\/p>\n\n\n\n<p>Pour Noah se retrouver face aux meilleurs tireurs du pays &eacute;tait &agrave; la fois terrifiant et excitant. Chaque fl&egrave;che d&eacute;coch&eacute;e repr&eacute;sentait un d&eacute;fi, mais aussi une chance de se d&eacute;passer. Sur le pas de tir, l&rsquo;atmosph&egrave;re &eacute;tait &eacute;lectrique, et Noah savait qu&rsquo;il allait vivre une exp&eacute;rience inoubliable.<\/p>\n<\/div>\n\n\n\n<div class=\"wp-block-column is-layout-flow wp-block-column-is-layout-flow\" style=\"flex-basis:15%\">\n<figure class=\"wp-block-image size-large\"><img loading=\"lazy\" decoding=\"async\" width=\"768\" height=\"1024\" src=\"https:\/\/archers-haguenau.fr\/wp-content\/uploads\/2024\/03\/Noah-CF-2024-Salle-768x1024.jpg\" alt=\"\" class=\"wp-image-3561\" srcset=\"https:\/\/archers-haguenau.fr\/wp-content\/uploads\/2024\/03\/Noah-CF-2024-Salle-768x1024.jpg 768w, https:\/\/archers-haguenau.fr\/wp-content\/uploads\/2024\/03\/Noah-CF-2024-Salle-225x300.jpg 225w, https:\/\/archers-haguenau.fr\/wp-content\/uploads\/2024\/03\/Noah-CF-2024-Salle-1152x1536.jpg 1152w, https:\/\/archers-haguenau.fr\/wp-content\/uploads\/2024\/03\/Noah-CF-2024-Salle-1536x2048.jpg 1536w, https:\/\/archers-haguenau.fr\/wp-content\/uploads\/2024\/03\/Noah-CF-2024-Salle-810x1080.jpg 810w, https:\/\/archers-haguenau.fr\/wp-content\/uploads\/2024\/03\/Noah-CF-2024-Salle-scaled.jpg 1920w\" sizes=\"auto, (max-width: 768px) 100vw, 768px\" \/><\/figure>\n<\/div>\n<\/div>\n\n\n\n<hr class=\"wp-block-separator is-style-faded\"\/>\n\n\n\n<h3 class=\"wp-block-heading\"><strong>Tir par \u00e9quipes<\/strong><\/h3>\n\n\n\n<p>Laurent, Jean-Luc et Jean-Brice remportent le concours par \u00e9quipes&nbsp;<strong>\u00e0 Lingolsheim<\/strong>&nbsp;le 28\/01\/2024 avec 1659 points.<\/p>\n\n\n\n<hr class=\"wp-block-separator is-style-faded\"\/>\n\n\n\n<h3 class=\"wp-block-heading\"><strong>Troph\u00e9e des Lutins<\/strong><\/h3>\n\n\n\n<p>C\u2019est au cours d\u2019une belle apr\u00e8s-midi du 16 d\u00e9cembre 2023 que nos sept jeunes, s\u00e9lectionn\u00e9s par Jean-Christophe et Nelly, sont all\u00e9s participer au Troph\u00e9e des Lutins organis\u00e9 par les archers de la Haute-Eln d\u2019Obernai.<\/p>\n\n\n\n<p>\u00c0 signaler la belle premi\u00e8re place d\u00e9croch\u00e9e par Benjamin avec un tr\u00e8s beau score de 357 points.<\/p>\n\n\n\n<p>Bien s\u00fbr, nos jeunes ne se sont pas content\u00e9s d\u2019obtenir de bons r\u00e9sultats, mais ils ont \u00e9galement ramen\u00e9 pour la deuxi\u00e8me ann\u00e9e cons\u00e9cutive la coupe par \u00e9quipe avec 1021 points.<\/p>\n\n\n<div class=\"wp-block-columns is-stacked-on-mobile is-layout-flex wp-container-core-columns-is-layout-28f84493 wp-block-columns-is-layout-flex\" data-columns=\"3\">\n<div class=\"wp-block-column is-layout-flow wp-block-column-is-layout-flow\">\n<figure class=\"wp-block-image aligncenter size-full is-resized\"><img loading=\"lazy\" decoding=\"async\" width=\"777\" height=\"603\" src=\"https:\/\/archers-haguenau.fr\/wp-content\/uploads\/2024\/03\/ben-et-florian.png\" alt=\"\" class=\"wp-image-3562\" style=\"width:389px;height:auto\" srcset=\"https:\/\/archers-haguenau.fr\/wp-content\/uploads\/2024\/03\/ben-et-florian.png 777w, https:\/\/archers-haguenau.fr\/wp-content\/uploads\/2024\/03\/ben-et-florian-300x233.png 300w, https:\/\/archers-haguenau.fr\/wp-content\/uploads\/2024\/03\/ben-et-florian-768x596.png 768w\" sizes=\"auto, (max-width: 777px) 100vw, 777px\" \/><\/figure>\n<\/div>\n\n\n\n<div class=\"wp-block-column is-layout-flow wp-block-column-is-layout-flow\">\n<figure class=\"wp-block-image aligncenter size-full is-resized\"><img loading=\"lazy\" decoding=\"async\" width=\"409\" height=\"517\" src=\"https:\/\/archers-haguenau.fr\/wp-content\/uploads\/2024\/03\/ben.png\" alt=\"\" class=\"wp-image-3563\" style=\"width:auto;height:300px\" srcset=\"https:\/\/archers-haguenau.fr\/wp-content\/uploads\/2024\/03\/ben.png 409w, https:\/\/archers-haguenau.fr\/wp-content\/uploads\/2024\/03\/ben-237x300.png 237w\" sizes=\"auto, (max-width: 409px) 100vw, 409px\" \/><\/figure>\n<\/div>\n\n\n\n<div class=\"wp-block-column is-layout-flow wp-block-column-is-layout-flow\">\n<figure class=\"wp-block-image aligncenter size-full is-resized\"><img loading=\"lazy\" decoding=\"async\" width=\"419\" height=\"420\" src=\"https:\/\/archers-haguenau.fr\/wp-content\/uploads\/2024\/03\/coupe-trophee.png\" alt=\"\" class=\"wp-image-3564\" style=\"width:auto;height:300px\" srcset=\"https:\/\/archers-haguenau.fr\/wp-content\/uploads\/2024\/03\/coupe-trophee.png 419w, https:\/\/archers-haguenau.fr\/wp-content\/uploads\/2024\/03\/coupe-trophee-300x300.png 300w, https:\/\/archers-haguenau.fr\/wp-content\/uploads\/2024\/03\/coupe-trophee-150x150.png 150w\" sizes=\"auto, (max-width: 419px) 100vw, 419px\" \/><\/figure>\n<\/div>\n<\/div>\n\n\n\n<hr class=\"wp-block-separator is-style-faded\"\/>\n\n\n\n<h3 class=\"wp-block-heading\"><strong>Derniers passages de plumes et fl\u00e8ches<\/strong><\/h3>\n\n\n\n<div style=\"height:17px\" aria-hidden=\"true\" class=\"wp-block-spacer\"><\/div>\n\n\n<figure class=\"wp-block-table\"><table class=\"wp-block-table__table table-borderless has-fixed-layout\">\n<thead><tr>\n<th>Plume Blanche<\/th>\n<th>Plume Noire<\/th>\n<th>Plume Bleue<\/th>\n<th>Plume Rouge<\/th>\n<th>Plume Jaune<\/th>\n<\/tr><\/thead>\n<tbody><tr>\n<td>Baptiste<br>Ugolin<br>Tim&eacute;o<br>Martin<br>L&eacute;o<\/td>\n<td>Ugolin<br>Tim&eacute;o<br>L&eacute;o<\/td>\n<td>Ugolin<br>Alexandra<\/td>\n<td>Florian<\/td>\n<td>Lilian<br>Juliette<br>Abraham<\/td>\n<\/tr><\/tbody>\n<\/table><\/figure>\n\n\n<figure class=\"wp-block-table\"><table class=\"wp-block-table__table table-borderless has-fixed-layout\">\n<thead><tr>\n<th class=\"has-text-align-left\" data-align=\"left\">Fl&egrave;che Blanche<\/th>\n<th>Fl&egrave;che Noire<\/th>\n<th>Fl&egrave;che Bleue<\/th>\n<th>Fl&egrave;che Rouge<\/th>\n<th>Fl&egrave;che Jaune<\/th>\n<\/tr><\/thead>\n<tbody><tr>\n<td class=\"has-text-align-left\" data-align=\"left\">Flore<br>Carlos<br>Am&eacute;lie<br>Nathan<br>Sarah<br>Ludovic<br>Noelline<br>V&eacute;ronique<br>Valentin<br>J&eacute;r&eacute;my<br>Benjamin<\/td>\n<td>Flore<br>Carlos<br>Ludovic<br>Am&eacute;lie<\/td>\n<td><\/td>\n<td><\/td>\n<td><\/td>\n<\/tr><\/tbody>\n<\/table><\/figure>\n\n\n\n<hr class=\"wp-block-separator is-style-faded\"\/>\n\n\n\n<h3 class=\"wp-block-heading\"><strong>Challenge de la chandeleur<\/strong><\/h3>\n\n\n\n<p>\u00c9tant donn\u00e9 l&rsquo;impossibilit\u00e9 d&rsquo;organiser une animation cette ann\u00e9e dans notre nouvelle salle, nous avons pris la d\u00e9cision de mettre en place un challenge \u00e9tal\u00e9 sur deux semaines, du 29 janvier au 8 f\u00e9vrier 2024. Cette initiative permettra \u00e0 chacun de participer \u00e0 sa mani\u00e8re malgr\u00e9 les circonstances. Les r\u00e9sultats de ce challenge seront communiqu\u00e9s lors du nettoyage de printemps pr\u00e9vu le 6 avril 2024. Nous esp\u00e9rons que cette alternative suscitera autant d&rsquo;engagement et d&rsquo;enthousiasme que nos \u00e9v\u00e9nements habituels !<\/p>\n\n\n\n<hr class=\"wp-block-separator is-style-faded\"\/>\n\n\n\n<h3 class=\"wp-block-heading\"><strong>Troph\u00e9e du Printemps<\/strong><\/h3>\n\n\n\n<p>Le 23 mars 2024, nos huit jeunes, s\u00e9lectionn\u00e9s par Nelly, sont all\u00e9s participer au Troph\u00e9e du printemps organis\u00e9 par les archers de la Haute-\u00c9ln d\u2019Obernai.<\/p>\n\n\n\n<p>Encore une fois, nos jeunes ne se sont pas content\u00e9s d\u2019obtenir de bons r\u00e9sultats en ramenant 5 m\u00e9dailles, ils ont \u00e9galement remport\u00e9 la coupe par \u00e9quipe.<\/p>\n\n\n<div class=\"wp-block-columns is-stacked-on-mobile is-layout-flex wp-container-core-columns-is-layout-28f84493 wp-block-columns-is-layout-flex\" data-columns=\"2\">\n<div class=\"wp-block-column is-layout-flow wp-block-column-is-layout-flow\">\n<figure class=\"wp-block-image aligncenter size-full is-resized\"><img loading=\"lazy\" decoding=\"async\" width=\"667\" height=\"500\" src=\"https:\/\/archers-haguenau.fr\/wp-content\/uploads\/2024\/03\/P1010838-red.jpg\" alt=\"\" class=\"wp-image-3576\" style=\"width:auto;height:300px\" srcset=\"https:\/\/archers-haguenau.fr\/wp-content\/uploads\/2024\/03\/P1010838-red.jpg 667w, https:\/\/archers-haguenau.fr\/wp-content\/uploads\/2024\/03\/P1010838-red-300x225.jpg 300w\" sizes=\"auto, (max-width: 667px) 100vw, 667px\" \/><\/figure>\n<\/div>\n\n\n\n<div class=\"wp-block-column is-layout-flow wp-block-column-is-layout-flow\">\n<figure class=\"wp-block-image aligncenter size-full is-resized\"><img loading=\"lazy\" decoding=\"async\" width=\"667\" height=\"500\" src=\"https:\/\/archers-haguenau.fr\/wp-content\/uploads\/2024\/03\/P1010823-red.jpg\" alt=\"\" class=\"wp-image-3577\" style=\"width:auto;height:300px\" srcset=\"https:\/\/archers-haguenau.fr\/wp-content\/uploads\/2024\/03\/P1010823-red.jpg 667w, https:\/\/archers-haguenau.fr\/wp-content\/uploads\/2024\/03\/P1010823-red-300x225.jpg 300w\" sizes=\"auto, (max-width: 667px) 100vw, 667px\" \/><\/figure>\n<\/div>\n<\/div>\n\n\n\n<hr class=\"wp-block-separator is-style-faded\"\/>\n\n\n\n<h3 class=\"wp-block-heading\"><strong>Nettoyage de printemps<\/strong><\/h3>\n\n\n\n<p>Le samedi 6 avril, le club a particip\u00e9 au traditionnel nettoyage de printemps organis\u00e9 par la ville de Haguenau. Le matin, nous avons ramass\u00e9 les d\u00e9chets le long de la route de Schirrhein et l&rsquo;apr\u00e8s-midi, nous avons remis en \u00e9tat notre terrain ext\u00e9rieur et rang\u00e9 notre d\u00e9p\u00f4t.<\/p>\n\n\n\n<p>Pour remercier les volontaires, le comit\u00e9 a organis\u00e9 un barbecue \u00e0 midi afin de passer un moment convivial ensemble.<\/p>\n\n\n<div class=\"wp-block-columns is-stacked-on-mobile is-layout-flex wp-container-core-columns-is-layout-28f84493 wp-block-columns-is-layout-flex\" data-columns=\"3\">\n<div class=\"wp-block-column is-layout-flow wp-block-column-is-layout-flow\">\n<figure class=\"wp-block-image size-full\"><img loading=\"lazy\" decoding=\"async\" width=\"667\" height=\"500\" src=\"https:\/\/archers-haguenau.fr\/wp-content\/uploads\/2024\/04\/P1010839-red.jpg\" alt=\"\" class=\"wp-image-3584\" srcset=\"https:\/\/archers-haguenau.fr\/wp-content\/uploads\/2024\/04\/P1010839-red.jpg 667w, https:\/\/archers-haguenau.fr\/wp-content\/uploads\/2024\/04\/P1010839-red-300x225.jpg 300w\" sizes=\"auto, (max-width: 667px) 100vw, 667px\" \/><\/figure>\n<\/div>\n\n\n\n<div class=\"wp-block-column is-layout-flow wp-block-column-is-layout-flow\">\n<figure class=\"wp-block-image size-full\"><img loading=\"lazy\" decoding=\"async\" width=\"667\" height=\"500\" src=\"https:\/\/archers-haguenau.fr\/wp-content\/uploads\/2024\/04\/P1010841-red.jpg\" alt=\"\" class=\"wp-image-3585\" srcset=\"https:\/\/archers-haguenau.fr\/wp-content\/uploads\/2024\/04\/P1010841-red.jpg 667w, https:\/\/archers-haguenau.fr\/wp-content\/uploads\/2024\/04\/P1010841-red-300x225.jpg 300w\" sizes=\"auto, (max-width: 667px) 100vw, 667px\" \/><\/figure>\n<\/div>\n\n\n\n<div class=\"wp-block-column is-layout-flow wp-block-column-is-layout-flow\">\n<figure class=\"wp-block-image size-full\"><img loading=\"lazy\" decoding=\"async\" width=\"667\" height=\"500\" src=\"https:\/\/archers-haguenau.fr\/wp-content\/uploads\/2024\/04\/P1010848-red.jpg\" alt=\"\" class=\"wp-image-3586\" srcset=\"https:\/\/archers-haguenau.fr\/wp-content\/uploads\/2024\/04\/P1010848-red.jpg 667w, https:\/\/archers-haguenau.fr\/wp-content\/uploads\/2024\/04\/P1010848-red-300x225.jpg 300w\" sizes=\"auto, (max-width: 667px) 100vw, 667px\" \/><\/figure>\n<\/div>\n<\/div>\n\n\n\n<hr class=\"wp-block-separator is-style-faded\"\/>\n\n\n\n<h3 class=\"wp-block-heading\"><strong>Un peu de lecture<\/strong><\/h3>\n\n\n\n<p>Haguenau Terre de Jeux 2024 : <a href=\"https:\/\/www.haguenau.fr\/fr\/page\/haguenau-terre-de-jeux\">https:\/\/www.haguenau.fr\/fr\/page\/haguenau-terre-de-jeux<\/a><\/p>\n\n\n\n<p>Lette d&rsquo;information du CRTA : <a href=\"https:\/\/tiralarc-grand-est.fr\/blog\/flechinfos14\/\">Fl\u00e8ch&rsquo;Infos n\u00b014 &#8211; Janvier 2024 | Comit\u00e9 R\u00e9gional de Tir \u00e0 l&rsquo;Arc du Grand Est (tiralarc-grand-est.fr)<\/a><\/p>\n\n\n\n<p>Actualit\u00e9s du CRTA : <a href=\"https:\/\/tiralarc-grand-est.fr\/\">D\u00e9couvrez le tir \u00e0 l&rsquo;arc dans notre r\u00e9gion | Comit\u00e9 R\u00e9gional de Tir \u00e0 l&rsquo;Arc du Grand Est (tiralarc-grand-est.fr)<\/a><\/p>\n\n\n\n<p>JO 2024 &#8211; Reportage sur Lisa Barbelin : <a href=\"https:\/\/www.huffingtonpost.fr\/sport\/video\/jo-de-paris-2024-rencontre-avec-lisa-barbelin-23-ans-qui-visera-la-medaille-d-or-en-tir-a-l-arc_229761.html\">JO de Paris 2024\u00a0: rencontre avec Lisa Barbelin, 23\u00a0ans, qui visera la m\u00e9daille d\u2019or en tir \u00e0 l\u2019arc (huffingtonpost.fr)<\/a><\/p>\n\n\n\n<p>Le tir vertical &#8211; Reportage de France TV sur cette pratique \u00e9tonnante du tir \u00e0 l&rsquo;arc : <a href=\"https:\/\/www.france.tv\/france-3\/meteo-a-la-carte\/5799597-emission-du-mardi-2-avril-2024.html\">https:\/\/www.france.tv\/france-3\/meteo-a-la-carte\/5799597-emission-du-mardi-2-avril-2024.html<\/a><\/p>\n","protected":false},"excerpt":{"rendered":"<p>Nota bene Consultez le site des archers pour les infos ! Comme par exemple la disponibilit\u00e9 de la salle, le [&hellip;]<\/p>\n","protected":false},"author":1,"featured_media":0,"parent":0,"menu_order":0,"comment_status":"closed","ping_status":"closed","template":"","meta":{"footnotes":""},"class_list":{"0":"post-3551","1":"page","2":"type-page","3":"status-publish","5":"entry"},"_links":{"self":[{"href":"https:\/\/archers-haguenau.fr\/index.php\/wp-json\/wp\/v2\/pages\/3551","targetHints":{"allow":["GET"]}}],"collection":[{"href":"https:\/\/archers-haguenau.fr\/index.php\/wp-json\/wp\/v2\/pages"}],"about":[{"href":"https:\/\/archers-haguenau.fr\/index.php\/wp-json\/wp\/v2\/types\/page"}],"author":[{"embeddable":true,"href":"https:\/\/archers-haguenau.fr\/index.php\/wp-json\/wp\/v2\/users\/1"}],"replies":[{"embeddable":true,"href":"https:\/\/archers-haguenau.fr\/index.php\/wp-json\/wp\/v2\/comments?post=3551"}],"version-history":[{"count":9,"href":"https:\/\/archers-haguenau.fr\/index.php\/wp-json\/wp\/v2\/pages\/3551\/revisions"}],"predecessor-version":[{"id":3588,"href":"https:\/\/archers-haguenau.fr\/index.php\/wp-json\/wp\/v2\/pages\/3551\/revisions\/3588"}],"wp:attachment":[{"href":"https:\/\/archers-haguenau.fr\/index.php\/wp-json\/wp\/v2\/media?parent=3551"}],"curies":[{"name":"wp","href":"https:\/\/api.w.org\/{rel}","templated":true}]}}